{"id":1081,"date":"2021-12-03T13:51:01","date_gmt":"2021-12-03T12:51:01","guid":{"rendered":"https:\/\/pfeiter.com\/?page_id=1081"},"modified":"2025-03-26T17:23:04","modified_gmt":"2025-03-26T16:23:04","slug":"villamos-tervezes","status":"publish","type":"page","link":"https:\/\/pfeiter.com\/en\/villamos-tervezes\/","title":{"rendered":"Delivering of machined parts"},"content":{"rendered":"<p>Prec\u00edzi\u00f3s forg\u00e1csol\u00e1s \u2013 Megb\u00edzhat\u00f3 partner az alkatr\u00e9szgy\u00e1rt\u00e1sban<\/p>\n\n\n\n<p>C\u00e9g\u00fcnk, a <strong>Pfeiter M\u00e9rn\u00f6kiroda Kft.<\/strong>, a g\u00e9pi forg\u00e1csol\u00e1s ter\u00fclet\u00e9n ny\u00fajt kimagasl\u00f3 min\u0151s\u00e9g\u0171 szolg\u00e1ltat\u00e1st, legyen sz\u00f3 <strong>egyedi alkatr\u00e9szek gy\u00e1rt\u00e1s\u00e1r\u00f3l vagy sorozatgy\u00e1rt\u00e1sr\u00f3l<\/strong>. Modern technol\u00f3gi\u00e1val \u00e9s tapasztalt szakemberekkel biztos\u00edtjuk, hogy \u00fcgyfeleink a lehet\u0151 legjobb \u00e1r-\u00e9rt\u00e9k ar\u00e1ny\u00fa megold\u00e1sokat kapj\u00e1k.<\/p>\n\n\n\n<h4 class=\"wp-block-heading\">Szolg\u00e1ltat\u00e1saink:<\/h4>\n\n\n\n<p>\u2705 <strong>CNC megmunk\u00e1l\u00e1s<\/strong> \u2013 egyedi \u00e9s sorozatgy\u00e1rt\u00e1s prec\u00edzi\u00f3s megmunk\u00e1l\u00f3k\u00f6zpontokon<br>\u2705 <strong>CNC eszterg\u00e1l\u00e1s<\/strong> \u2013 kis- \u00e9s nagyobb sz\u00e9ri\u00e1s alkatr\u00e9szgy\u00e1rt\u00e1s<br>\u2705 <strong>Hagyom\u00e1nyos forg\u00e1csol\u00e1s<\/strong> \u2013 egyedi \u00e9s kissorozat\u00fa gy\u00e1rt\u00e1s tapasztalt szakemberekkel<br>\u2705 <strong>Tervez\u00e9si t\u00e1mogat\u00e1s<\/strong> \u2013 seg\u00edt\u00fcnk az alkatr\u00e9sztervez\u00e9sben, optimaliz\u00e1ljuk a gy\u00e1rthat\u00f3s\u00e1got<\/p>\n\n\n\n<p><strong>Mi\u00e9rt v\u00e1lasszon minket?<\/strong><br>\u2714\ufe0f Kiemelked\u0151 min\u0151s\u00e9g \u00e9s pontoss\u00e1g<br>\u2714\ufe0f Versenyk\u00e9pes \u00e1rak<br>\u2714\ufe0f Gyors \u00e9s rugalmas gy\u00e1rt\u00e1si folyamat<br>\u2714\ufe0f Modern <strong>CAD\/CAM technol\u00f3gia<\/strong> a hat\u00e9kony tervez\u00e9s\u00e9rt \u00e9s gy\u00e1rt\u00e1s\u00e9rt<\/p>\n\n\n\n<p>Ha <strong>megb\u00edzhat\u00f3 partnerre<\/strong> van sz\u00fcks\u00e9ge <strong>forg\u00e1csolt alkatr\u00e9szek gy\u00e1rt\u00e1s\u00e1ban<\/strong>, vegye fel vel\u00fcnk a kapcsolatot a weboldalunkon tal\u00e1lhat\u00f3 el\u00e9rhet\u0151s\u00e9geken!<\/p>","protected":false},"excerpt":{"rendered":"<p>Prec\u00edzi\u00f3s forg\u00e1csol\u00e1s \u2013 Megb\u00edzhat\u00f3 partner az alkatr\u00e9szgy\u00e1rt\u00e1sban C\u00e9g\u00fcnk, a Pfeiter M\u00e9rn\u00f6kiroda Kft., a g\u00e9pi forg\u00e1csol\u00e1s ter\u00fclet\u00e9n ny\u00fajt kimagasl\u00f3 min\u0151s\u00e9g\u0171 szolg\u00e1ltat\u00e1st, legyen sz\u00f3 egyedi alkatr\u00e9szek gy\u00e1rt\u00e1s\u00e1r\u00f3l vagy sorozatgy\u00e1rt\u00e1sr\u00f3l. Modern technol\u00f3gi\u00e1val \u00e9s tapasztalt szakemberekkel biztos\u00edtjuk, hogy \u00fcgyfeleink a lehet\u0151 legjobb \u00e1r-\u00e9rt\u00e9k ar\u00e1ny\u00fa megold\u00e1sokat kapj\u00e1k. Szolg\u00e1ltat\u00e1saink: \u2705 CNC megmunk\u00e1l\u00e1s \u2013 egyedi \u00e9s sorozatgy\u00e1rt\u00e1s prec\u00edzi\u00f3s megmunk\u00e1l\u00f3k\u00f6zpontokon\u2705 CNC eszterg\u00e1l\u00e1s \u2013 [&hellip;]<\/p>\n","protected":false},"author":2,"featured_media":0,"parent":0,"menu_order":0,"comment_status":"closed","ping_status":"closed","template":"","meta":{"content-type":"","footnotes":""},"class_list":["post-1081","page","type-page","status-publish","hentry"],"_links":{"self":[{"href":"https:\/\/pfeiter.com\/en\/wp-json\/wp\/v2\/pages\/1081","targetHints":{"allow":["GET"]}}],"collection":[{"href":"https:\/\/pfeiter.com\/en\/wp-json\/wp\/v2\/pages"}],"about":[{"href":"https:\/\/pfeiter.com\/en\/wp-json\/wp\/v2\/types\/page"}],"author":[{"embeddable":true,"href":"https:\/\/pfeiter.com\/en\/wp-json\/wp\/v2\/users\/2"}],"replies":[{"embeddable":true,"href":"https:\/\/pfeiter.com\/en\/wp-json\/wp\/v2\/comments?post=1081"}],"version-history":[{"count":6,"href":"https:\/\/pfeiter.com\/en\/wp-json\/wp\/v2\/pages\/1081\/revisions"}],"predecessor-version":[{"id":1230,"href":"https:\/\/pfeiter.com\/en\/wp-json\/wp\/v2\/pages\/1081\/revisions\/1230"}],"wp:attachment":[{"href":"https:\/\/pfeiter.com\/en\/wp-json\/wp\/v2\/media?parent=1081"}],"curies":[{"name":"wp","href":"https:\/\/api.w.org\/{rel}","templated":true}]}}